{"id":734,"date":"2019-06-14T10:11:25","date_gmt":"2019-06-14T08:11:25","guid":{"rendered":"https:\/\/www.thetreecompany.be\/accueil\/"},"modified":"2023-02-28T10:32:47","modified_gmt":"2023-02-28T09:32:47","slug":"home","status":"publish","type":"page","link":"https:\/\/www.thetreecompany.be\/nl\/","title":{"rendered":"Home"},"content":{"rendered":"<div class=\"wpb-content-wrapper\"><p>[vc_row el_class=&#8221;pt-4 pb-3&#8243;][vc_column width=&#8221;1\/4&#8243; el_class=&#8221;btn-news&#8221;][vc_column_text]<\/p>\n<h2>Derni\u00e8res <span class=\"word2\" style=\"color: #0aa486;\">News<\/span><\/h2>\n<p>[\/vc_column_text][vc_column_text el_class=&#8221;mb-1&#8243;]D\u00e9couvrez toute notre actualit\u00e9 et les derni\u00e8res nouveaut\u00e9s du moment[\/vc_column_text][vc_btn title=&#8221;Voir toutes&#8221; style=&#8221;outline-custom&#8221; outline_custom_color=&#8221;#ffffff&#8221; outline_custom_hover_background=&#8221;#0aa486&#8243; outline_custom_hover_text=&#8221;#ffffff&#8221; link=&#8221;url:https%3A%2F%2Fwww.thetreecompany.be%2Fnl%2Fnews%2F|title:News&#8221;][\/vc_column][vc_column width=&#8221;3\/4&#8243;][vc_basic_grid post_type=&#8221;post&#8221; max_items=&#8221;-1&#8243; style=&#8221;pagination&#8221; items_per_page=&#8221;3&#8243; arrows_design=&#8221;vc_arrow-icon-arrow_01_left&#8221; arrows_color=&#8221;green&#8221; paging_design=&#8221;none&#8221; item=&#8221;257&#8243; grid_id=&#8221;vc_gid:1677576741249-8ba09f3a-8ce0-1&#8243;][\/vc_column][\/vc_row][vc_row][vc_column][vc_column_text el_class=&#8221;mb-0&#8243;]<\/p>\n<h2 style=\"text-align: center;\">Nos <span class=\"word2\" style=\"color: #0aa486;\">Services<\/span><\/h2>\n<p>[\/vc_column_text][\/vc_column][\/vc_row][vc_row gap=&#8221;30&#8243; el_class=&#8221;featured-block mt-2&#8243;][vc_column width=&#8221;1\/3&#8243;][vc_row_inner el_class=&#8221;cover&#8221;][vc_column_inner el_class=&#8221;px-0&#8243; css=&#8221;.vc_custom_1646649406361{background-image: url(https:\/\/www.thetreecompany.be\/files\/uploads\/2022\/03\/creation-design-640&#215;360-1.jpg?id=465) !important;}&#8221;][vc_empty_space height=&#8221;150px&#8221;][\/vc_column_inner][\/vc_row_inner][vc_row_inner css=&#8221;.vc_custom_1646325098117{background-color: #ffffff !important;}&#8221; el_class=&#8221;bloc-white shadow&#8221;][vc_column_inner el_class=&#8221;ht-3 bloc-white image-zoom&#8221; css=&#8221;.vc_custom_1646647523644{margin-bottom: 0px !important;background-color: rgba(255,255,255,0.78) !important;*background-color: rgb(255,255,255) !important;}&#8221;][vc_single_image image=&#8221;243&#8243; img_size=&#8221;60&#215;60&#8243; alignment=&#8221;center&#8221; onclick=&#8221;custom_link&#8221; el_class=&#8221;mb-05 ht-3&#8243; link=&#8221;https:\/\/www.thetreecompany.be\/nl\/services-et-offres\/creation-et-design\/&#8221;][vc_custom_heading text=&#8221;Cr\u00e9ation et design&#8221; font_container=&#8221;tag:div|text_align:center|color:%23000000&#8243; use_theme_fonts=&#8221;yes&#8221; el_class=&#8221;h4 text-uppercase pt-05&#8243; link=&#8221;url:http%3A%2F%2Fwww.thetreecompany.be%2Fnl%2Fservices-et-offres%2Fcreation-et-design%2F&#8221;][vc_column_text]<\/p>\n<p style=\"text-align: center;\">Jardin, parc public, espace vert collectif, grand espace naturel \u00e0 am\u00e9nager? Exprimez parfaitement vos r\u00eaves \u201cverts\u201d.<\/p>\n<p>[\/vc_column_text][\/vc_column_inner][\/vc_row_inner][\/vc_column][vc_column width=&#8221;1\/3&#8243;][vc_row_inner el_class=&#8221;cover&#8221;][vc_column_inner el_class=&#8221;px-0&#8243; css=&#8221;.vc_custom_1646649440747{background-image: url(https:\/\/www.thetreecompany.be\/files\/uploads\/2022\/03\/DSCF71141.jpg?id=444) !important;background-position: center !important;background-repeat: no-repeat !important;background-size: cover !important;}&#8221;][vc_empty_space height=&#8221;150px&#8221;][\/vc_column_inner][\/vc_row_inner][vc_row_inner css=&#8221;.vc_custom_1646325119300{background-color: #ffffff !important;}&#8221; el_class=&#8221;bloc-white shadow&#8221;][vc_column_inner el_class=&#8221;ht-3 image-zoom bloc-white&#8221; css=&#8221;.vc_custom_1646647529363{margin-bottom: 0px !important;background-color: rgba(255,255,255,0.78) !important;*background-color: rgb(255,255,255) !important;}&#8221;][vc_single_image image=&#8221;357&#8243; img_size=&#8221;60&#215;60&#8243; alignment=&#8221;center&#8221; onclick=&#8221;custom_link&#8221; el_class=&#8221;mb-05 ht-3&#8243; link=&#8221;https:\/\/www.thetreecompany.be\/nl\/constructions-et-techniques\/&#8221;][vc_custom_heading text=&#8221;CONSTRUCTIONS ET TECHNIQUES&#8221; font_container=&#8221;tag:div|text_align:center|color:%23000000&#8243; use_theme_fonts=&#8221;yes&#8221; el_class=&#8221;h4 text-uppercase pt-05&#8243; link=&#8221;url:https%3A%2F%2Fwww.thetreecompany.be%2Fnl%2Fconstructions-et-techniques%2F|title:Constructions%20et%20techniques&#8221;][vc_column_text]<\/p>\n<p style=\"text-align: center;\">Notre entreprise poss\u00e8de l\u2019expertise ainsi que les \u00e9quipements techniques pour effectuer tous travaux.<\/p>\n<p>[\/vc_column_text][\/vc_column_inner][\/vc_row_inner][\/vc_column][vc_column width=&#8221;1\/3&#8243;][vc_row_inner el_class=&#8221;cover&#8221;][vc_column_inner el_class=&#8221;px-0&#8243; css=&#8221;.vc_custom_1646649456963{background-image: url(https:\/\/www.thetreecompany.be\/files\/uploads\/2022\/03\/IMG_9234.jpg?id=447) !important;background-position: center !important;background-repeat: no-repeat !important;background-size: cover !important;}&#8221;][vc_empty_space height=&#8221;150px&#8221;][\/vc_column_inner][\/vc_row_inner][vc_row_inner css=&#8221;.vc_custom_1646325122651{background-color: #ffffff !important;}&#8221; el_class=&#8221;bloc-white shadow&#8221;][vc_column_inner el_class=&#8221;ht-3 bloc-white image-zoom&#8221; css=&#8221;.vc_custom_1646647541130{margin-bottom: 0px !important;background-color: rgba(255,255,255,0.78) !important;*background-color: rgb(255,255,255) !important;}&#8221;][vc_single_image image=&#8221;358&#8243; img_size=&#8221;60&#215;60&#8243; alignment=&#8221;center&#8221; onclick=&#8221;custom_link&#8221; el_class=&#8221;mb-05 ht-3&#8243; link=&#8221;https:\/\/www.thetreecompany.be\/nl\/vegetaux\/&#8221;][vc_custom_heading text=&#8221;V\u00c9G\u00c9TAUX&#8221; font_container=&#8221;tag:div|text_align:center|color:%23000000&#8243; use_theme_fonts=&#8221;yes&#8221; el_class=&#8221;h4 text-uppercase pt-05&#8243; link=&#8221;url:https%3A%2F%2Fwww.thetreecompany.be%2Fnl%2Fvegetaux%2F|title:V%C3%A9g%C3%A9taux&#8221;][vc_column_text]<\/p>\n<p style=\"text-align: center;\">Des conseils sp\u00e9cialis\u00e9s pour le choix des v\u00e9g\u00e9taux adapt\u00e9s \u00e0 votre espace vert selon l\u2019ensoleillement, le sol, la gamme chromatique, etc.<\/p>\n<p>[\/vc_column_text][\/vc_column_inner][\/vc_row_inner][\/vc_column][\/vc_row][vc_row gap=&#8221;30&#8243; el_class=&#8221;featured-block mt-05 pb-2&#8243;][vc_column width=&#8221;1\/3&#8243;][vc_row_inner el_class=&#8221;cover&#8221;][vc_column_inner el_class=&#8221;px-0&#8243; css=&#8221;.vc_custom_1646649807659{background-image: url(https:\/\/www.thetreecompany.be\/files\/uploads\/2022\/03\/entretien-urgence-640&#215;360-1.jpg?id=349) !important;background-position: center !important;background-repeat: no-repeat !important;background-size: cover !important;}&#8221;][vc_empty_space height=&#8221;150px&#8221;][\/vc_column_inner][\/vc_row_inner][vc_row_inner css=&#8221;.vc_custom_1646325126882{background-color: #ffffff !important;}&#8221; el_class=&#8221;bloc-white shadow&#8221;][vc_column_inner el_class=&#8221;ht-3 image-zoom&#8221; css=&#8221;.vc_custom_1646324131626{background-color: rgba(255,255,255,0.78) !important;*background-color: rgb(255,255,255) !important;}&#8221;][vc_single_image image=&#8221;356&#8243; img_size=&#8221;60&#215;60&#8243; alignment=&#8221;center&#8221; onclick=&#8221;custom_link&#8221; el_class=&#8221;mb-05 ht-3&#8243; link=&#8221;https:\/\/www.thetreecompany.be\/nl\/entretien-et-urgences\/&#8221;][vc_custom_heading text=&#8221;ENTRETIEN ET URGENCES&#8221; font_container=&#8221;tag:div|text_align:center|color:%23000000&#8243; use_theme_fonts=&#8221;yes&#8221; el_class=&#8221;h4 text-uppercase pt-05&#8243; link=&#8221;url:https%3A%2F%2Fwww.thetreecompany.be%2Fnl%2Fentretien-et-urgences%2F|title:Entretien%20et%20urgences&#8221;][vc_column_text]<\/p>\n<p style=\"text-align: center;\">Faites appel \u00e0 notre service d\u2019entretien. C\u2019est un magnifique jardin assur\u00e9 pour toute l\u2019ann\u00e9e !<\/p>\n<p>[\/vc_column_text][\/vc_column_inner][\/vc_row_inner][\/vc_column][vc_column width=&#8221;1\/3&#8243;][vc_row_inner el_class=&#8221;cover&#8221;][vc_column_inner el_class=&#8221;px-0&#8243; css=&#8221;.vc_custom_1646649323028{background-image: url(https:\/\/www.thetreecompany.be\/files\/uploads\/2022\/03\/20131217_111001.jpg?id=457) !important;background-position: center !important;background-repeat: no-repeat !important;background-size: cover !important;}&#8221;][vc_empty_space height=&#8221;150px&#8221;][\/vc_column_inner][\/vc_row_inner][vc_row_inner css=&#8221;.vc_custom_1646325126882{background-color: #ffffff !important;}&#8221; el_class=&#8221;bloc-white shadow&#8221;][vc_column_inner el_class=&#8221;ht-3 image-zoom&#8221; css=&#8221;.vc_custom_1646324131626{background-color: rgba(255,255,255,0.78) !important;*background-color: rgb(255,255,255) !important;}&#8221;][vc_single_image image=&#8221;633&#8243; img_size=&#8221;60&#215;60&#8243; alignment=&#8221;center&#8221; onclick=&#8221;custom_link&#8221; el_class=&#8221;mb-05 ht-3&#8243; link=&#8221;https:\/\/www.thetreecompany.be\/services-et-offres\/toitures-vertes\/&#8221;][vc_custom_heading text=&#8221;Toitures vertes&#8221; font_container=&#8221;tag:div|text_align:center|color:%23000000&#8243; use_theme_fonts=&#8221;yes&#8221; el_class=&#8221;h4 text-uppercase pt-05&#8243; link=&#8221;url:https%3A%2F%2Fwww.thetreecompany.be%2Fnl%2Fservices-et-offres%2Ftoitures-vertes%2F|title:Toitures%20vertes&#8221;][vc_column_text]<\/p>\n<p style=\"text-align: center;\">At beatae enim ad facilis voluptatibus eum incidunt aliquam qui ratione harum et ducimus<\/p>\n<p>[\/vc_column_text][\/vc_column_inner][\/vc_row_inner][\/vc_column][vc_column width=&#8221;1\/3&#8243;][\/vc_column][\/vc_row][vc_row][vc_column][vc_column_text el_class=&#8221;mb-2 mt-2&#8243;]<\/p>\n<h2 style=\"text-align: center;\">Notre <span class=\"word2\" style=\"color: #0aa486;\">\u00e9quipe<\/span><\/h2>\n<p>[\/vc_column_text][\/vc_column][\/vc_row][vc_row gap=&#8221;30&#8243; equal_height=&#8221;yes&#8221; el_class=&#8221;pb-4 equipe&#8221;][vc_column width=&#8221;1\/3&#8243; el_class=&#8221;px-1&#8243;][vc_single_image image=&#8221;301&#8243; img_size=&#8221;130&#215;130&#8243; alignment=&#8221;center&#8221; style=&#8221;vc_box_circle_2&#8243; el_class=&#8221;mb-0&#8243;][vc_row_inner el_class=&#8221;shadow ht-3 px-1&#8243; css=&#8221;.vc_custom_1649410374277{background-color: #ffffff !important;}&#8221;][vc_column_inner el_class=&#8221;px-1&#8243;][vc_custom_heading text=&#8221;Samuel De Lathouwer&#8221; font_container=&#8221;tag:h2|text_align:center|color:%230aa486&#8243; use_theme_fonts=&#8221;yes&#8221; el_class=&#8221;h3 mt-3 pt-1&#8243;][vc_column_text]<\/p>\n<p style=\"text-align: center;\">Dipl\u00f4m\u00e9 Architecte de jardin et du paysage (Lucia de Brouck\u00e8re 2010) \u2013 Premier de promotion, prix d\u2019excellence. Agr\u00e9g\u00e9 enseignant (CERIA 2011)<\/p>\n<p>[\/vc_column_text][\/vc_column_inner][\/vc_row_inner][\/vc_column][vc_column width=&#8221;1\/3&#8243;][vc_single_image image=&#8221;299&#8243; img_size=&#8221;130&#215;130&#8243; alignment=&#8221;center&#8221; style=&#8221;vc_box_circle_2&#8243; el_class=&#8221;mb-0&#8243;][vc_row_inner el_class=&#8221;shadow ht-3 px-1&#8243; css=&#8221;.vc_custom_1649410391428{background-color: #ffffff !important;}&#8221;][vc_column_inner el_class=&#8221;px-1&#8243;][vc_custom_heading text=&#8221;Joachim De Lathouwer&#8221; font_container=&#8221;tag:h2|text_align:center|color:%230aa486&#8243; use_theme_fonts=&#8221;yes&#8221; el_class=&#8221;h3 mt-3 pt-1&#8243;][vc_column_text]<\/p>\n<p style=\"text-align: center;\">Dipl\u00f4m\u00e9 Gestionnaire de l\u2019environnement urbain (Lucia de Brouck\u00e8re 2020). Dipl\u00f4m\u00e9 Gestionnaire d\u2019entreprises (EFP 2021)<\/p>\n<p>[\/vc_column_text][\/vc_column_inner][\/vc_row_inner][\/vc_column][vc_column width=&#8221;1\/3&#8243; el_class=&#8221;px-1&#8243;][vc_single_image image=&#8221;302&#8243; img_size=&#8221;130&#215;130&#8243; alignment=&#8221;center&#8221; style=&#8221;vc_box_circle_2&#8243; el_class=&#8221;mb-0&#8243;][vc_row_inner el_class=&#8221;shadow ht-3 px-1&#8243; css=&#8221;.vc_custom_1649410398684{background-color: #ffffff !important;}&#8221;][vc_column_inner el_class=&#8221;px-1&#8243;][vc_custom_heading text=&#8221;Luc De Lathouwer&#8221; font_container=&#8221;tag:h2|text_align:center|color:%230aa486&#8243; use_theme_fonts=&#8221;yes&#8221; el_class=&#8221;h3 mt-3 pt-1&#8243;][vc_column_text]<\/p>\n<p style=\"text-align: center;\">Dipl\u00f4m\u00e9 Architecte de jardin et du paysage (ESAJP 1981). Agr\u00e9g\u00e9 enseignant (CERIA 1982)<\/p>\n<p>[\/vc_column_text][\/vc_column_inner][\/vc_row_inner][\/vc_column][\/vc_row]<\/p>\n<\/div>","protected":false},"excerpt":{"rendered":"<p>[vc_row el_class=&#8221;pt-4 pb-3&#8243;][vc_column width=&#8221;1\/4&#8243; el_class=&#8221;btn-news&#8221;][vc_column_text] Derni\u00e8res News [\/vc_column_text][vc_column_text el_class=&#8221;mb-1&#8243;]D\u00e9couvrez toute notre actualit\u00e9 et les derni\u00e8res nouveaut\u00e9s du moment[\/vc_column_text][vc_btn title=&#8221;Voir toutes&#8221; style=&#8221;outline-custom&#8221; outline_custom_color=&#8221;#ffffff&#8221; outline_custom_hover_background=&#8221;#0aa486&#8243; outline_custom_hover_text=&#8221;#ffffff&#8221; link=&#8221;url:https%3A%2F%2Fwww.thetreecompany.be%2Fnl%2Fnews%2F|title:News&#8221;][\/vc_column][vc_column width=&#8221;3\/4&#8243;][vc_basic_grid post_type=&#8221;post&#8221; max_items=&#8221;-1&#8243; style=&#8221;pagination&#8221; items_per_page=&#8221;3&#8243; arrows_design=&#8221;vc_arrow-icon-arrow_01_left&#8221; arrows_color=&#8221;green&#8221; paging_design=&#8221;none&#8221; item=&#8221;257&#8243; grid_id=&#8221;vc_gid:1677576741249-8ba09f3a-8ce0-1&#8243;][\/vc_column][\/vc_row][vc_row][vc_column][vc_column_text el_class=&#8221;mb-0&#8243;] Nos Services [\/vc_column_text][\/vc_column][\/vc_row][vc_row gap=&#8221;30&#8243; el_class=&#8221;featured-block mt-2&#8243;][vc_column width=&#8221;1\/3&#8243;][vc_row_inner el_class=&#8221;cover&#8221;][vc_column_inner el_class=&#8221;px-0&#8243; css=&#8221;.vc_custom_1646649406361{background-image: url(https:\/\/www.thetreecompany.be\/files\/uploads\/2022\/03\/creation-design-640&#215;360-1.jpg?id=465) !important;}&#8221;][vc_empty_space height=&#8221;150px&#8221;][\/vc_column_inner][\/vc_row_inner][vc_row_inner css=&#8221;.vc_custom_1646325098117{background-color: #ffffff !important;}&#8221; el_class=&#8221;bloc-white shadow&#8221;][vc_column_inner el_class=&#8221;ht-3 [&hellip;]<\/p>\n","protected":false},"author":3,"featured_media":1191,"parent":0,"menu_order":0,"comment_status":"closed","ping_status":"closed","template":"","meta":{"footnotes":""},"class_list":["post-734","page","type-page","status-publish","has-post-thumbnail","hentry"],"_links":{"self":[{"href":"https:\/\/www.thetreecompany.be\/nl\/wp-json\/wp\/v2\/pages\/734","targetHints":{"allow":["GET"]}}],"collection":[{"href":"https:\/\/www.thetreecompany.be\/nl\/wp-json\/wp\/v2\/pages"}],"about":[{"href":"https:\/\/www.thetreecompany.be\/nl\/wp-json\/wp\/v2\/types\/page"}],"author":[{"embeddable":true,"href":"https:\/\/www.thetreecompany.be\/nl\/wp-json\/wp\/v2\/users\/3"}],"replies":[{"embeddable":true,"href":"https:\/\/www.thetreecompany.be\/nl\/wp-json\/wp\/v2\/comments?post=734"}],"version-history":[{"count":0,"href":"https:\/\/www.thetreecompany.be\/nl\/wp-json\/wp\/v2\/pages\/734\/revisions"}],"wp:featuredmedia":[{"embeddable":true,"href":"https:\/\/www.thetreecompany.be\/nl\/wp-json\/wp\/v2\/media\/1191"}],"wp:attachment":[{"href":"https:\/\/www.thetreecompany.be\/nl\/wp-json\/wp\/v2\/media?parent=734"}],"curies":[{"name":"wp","href":"https:\/\/api.w.org\/{rel}","templated":true}]}}